{"id":159,"date":"2019-04-17T15:43:29","date_gmt":"2019-04-17T15:43:29","guid":{"rendered":"https:\/\/demo.themely.com\/serenity\/?page_id=159"},"modified":"2020-07-06T17:11:26","modified_gmt":"2020-07-06T15:11:26","slug":"about","status":"publish","type":"page","link":"https:\/\/www.isaak-iselin.ch\/index.php\/about\/","title":{"rendered":"\u00dcber uns."},"content":{"rendered":"\n<p>Wir haben uns zum Ziel gesetzt, die vielf\u00e4ltigen schulischen Angebote f\u00fcr Kinder und Familien rund um die Primarstufe Isaak Iselin zu unterst\u00fctzen, bekanntzumachen und deren Weiter\u00adbestehen zu sichern. Dazu soll die Zusammenarbeit zwischen Schule, Elternrat, Schulrat und ausserschulischen Institutionen gef\u00f6rdert und ein gemeinsames Verantwortungsbewusstsein f\u00fcr das Zusammenleben im Quartier geschaffen werden.<\/p>\n","protected":false},"excerpt":{"rendered":"<p>\t\t\t\t<![CDATA[]]>\t\t<\/p>\n","protected":false},"author":1,"featured_media":0,"parent":0,"menu_order":0,"comment_status":"closed","ping_status":"closed","template":"","meta":{"inline_featured_image":false,"footnotes":""},"class_list":["post-159","page","type-page","status-publish","hentry"],"_links":{"self":[{"href":"https:\/\/www.isaak-iselin.ch\/index.php\/wp-json\/wp\/v2\/pages\/159","targetHints":{"allow":["GET"]}}],"collection":[{"href":"https:\/\/www.isaak-iselin.ch\/index.php\/wp-json\/wp\/v2\/pages"}],"about":[{"href":"https:\/\/www.isaak-iselin.ch\/index.php\/wp-json\/wp\/v2\/types\/page"}],"author":[{"embeddable":true,"href":"https:\/\/www.isaak-iselin.ch\/index.php\/wp-json\/wp\/v2\/users\/1"}],"replies":[{"embeddable":true,"href":"https:\/\/www.isaak-iselin.ch\/index.php\/wp-json\/wp\/v2\/comments?post=159"}],"version-history":[{"count":1,"href":"https:\/\/www.isaak-iselin.ch\/index.php\/wp-json\/wp\/v2\/pages\/159\/revisions"}],"predecessor-version":[{"id":492,"href":"https:\/\/www.isaak-iselin.ch\/index.php\/wp-json\/wp\/v2\/pages\/159\/revisions\/492"}],"wp:attachment":[{"href":"https:\/\/www.isaak-iselin.ch\/index.php\/wp-json\/wp\/v2\/media?parent=159"}],"curies":[{"name":"wp","href":"https:\/\/api.w.org\/{rel}","templated":true}]}}